{"id":118155,"date":"2024-10-21T12:28:58","date_gmt":"2024-10-21T15:28:58","guid":{"rendered":"https:\/\/www.argensend.com\/?post_type=product&#038;p=118155"},"modified":"2024-12-06T16:50:07","modified_gmt":"2024-12-06T19:50:07","slug":"libro-milei-la-revolucion-que-no-vieron-venir-nicolas-marquez-y-marcelo-duclos","status":"publish","type":"product","link":"https:\/\/www.argensend.com\/en\/product\/libro-milei-la-revolucion-que-no-vieron-venir-nicolas-marquez-y-marcelo-duclos\/","title":{"rendered":"Libro &#8220;Milei &#8211; La Revoluci\u00f3n Que No Vieron Venir&#8221; &#8211; Nicol\u00e1s M\u00e1rquez y Marcelo Duclos"},"content":{"rendered":"","protected":false},"excerpt":{"rendered":"<p>MILEI &#8211; LA REVOLUCI\u00d3N QUE NO VIERON VENIR<\/p>\n<p>Javier Milei: el Arquero, el Rocker Stone, el Economista &#8216;austr\u00edaco&#8217;, el Showman, el Bilardista, el Polemista, el Outsider, el Disruptivo, el Anticomunista, el Despeinado, el Divulgador, el Ide\u00f3logo, el Pol\u00edtico, el Candidato y el Presidente de Argentina. La revoluci\u00f3n que no vieron venir no solamente es imprescindible para sus seguidores, que descubrir\u00e1n a fondo los detalles de la haza\u00f1a de un gladiador al que el establishment subestim\u00f3 y ahora observa con preocupaci\u00f3n el riesgo de perder sus privilegios. En cuanto a detractores, al fin comprender\u00e1n con seriedad y precisi\u00f3n la concepci\u00f3n general de la propuesta de Milei, quien se ha convertido, sin dudas, en el fen\u00f3meno m\u00e1s disruptivo de Occidente. Nada se deja al azar en este fascinante retrato.<\/p>","protected":false},"featured_media":118156,"comment_status":"closed","ping_status":"closed","template":"","meta":{"_acf_changed":false,"om_disable_all_campaigns":false,"_monsterinsights_skip_tracking":false,"_monsterinsights_sitenote_active":false,"_monsterinsights_sitenote_note":"","_monsterinsights_sitenote_category":0},"etheme_brands":[],"product_brand":[],"product_cat":[685],"product_tag":[203,9950,9951,10586,752,9954],"class_list":{"0":"post-118155","1":"product","2":"type-product","3":"status-publish","4":"has-post-thumbnail","6":"product_cat-libros","7":"product_tag-argentina","8":"product_tag-javier-milei","9":"product_tag-javier-milei-libro","10":"product_tag-la-revolucion-que-no-vieron-venir","11":"product_tag-libro","12":"product_tag-milei","14":"first","15":"instock","16":"taxable","17":"shipping-taxable","18":"purchasable","19":"product-type-simple"},"acf":[],"aioseo_notices":[],"_links":{"self":[{"href":"https:\/\/www.argensend.com\/en\/wp-json\/wp\/v2\/product\/118155","targetHints":{"allow":["GET"]}}],"collection":[{"href":"https:\/\/www.argensend.com\/en\/wp-json\/wp\/v2\/product"}],"about":[{"href":"https:\/\/www.argensend.com\/en\/wp-json\/wp\/v2\/types\/product"}],"replies":[{"embeddable":true,"href":"https:\/\/www.argensend.com\/en\/wp-json\/wp\/v2\/comments?post=118155"}],"version-history":[{"count":1,"href":"https:\/\/www.argensend.com\/en\/wp-json\/wp\/v2\/product\/118155\/revisions"}],"predecessor-version":[{"id":118157,"href":"https:\/\/www.argensend.com\/en\/wp-json\/wp\/v2\/product\/118155\/revisions\/118157"}],"wp:featuredmedia":[{"embeddable":true,"href":"https:\/\/www.argensend.com\/en\/wp-json\/wp\/v2\/media\/118156"}],"wp:attachment":[{"href":"https:\/\/www.argensend.com\/en\/wp-json\/wp\/v2\/media?parent=118155"}],"wp:term":[{"taxonomy":"brand","embeddable":true,"href":"https:\/\/www.argensend.com\/en\/wp-json\/wp\/v2\/etheme_brands?post=118155"},{"taxonomy":"product_brand","embeddable":true,"href":"https:\/\/www.argensend.com\/en\/wp-json\/wp\/v2\/product_brand?post=118155"},{"taxonomy":"product_cat","embeddable":true,"href":"https:\/\/www.argensend.com\/en\/wp-json\/wp\/v2\/product_cat?post=118155"},{"taxonomy":"product_tag","embeddable":true,"href":"https:\/\/www.argensend.com\/en\/wp-json\/wp\/v2\/product_tag?post=118155"}],"curies":[{"name":"wp","href":"https:\/\/api.w.org\/{rel}","templated":true}]}}