{"id":91535,"date":"2024-01-11T10:09:28","date_gmt":"2024-01-11T13:09:28","guid":{"rendered":"https:\/\/www.argensend.com\/?post_type=product&#038;p=91535"},"modified":"2024-12-06T16:43:21","modified_gmt":"2024-12-06T19:43:21","slug":"la-sociedad-de-la-nieve-pablo-vierci","status":"publish","type":"product","link":"https:\/\/www.argensend.com\/en\/product\/la-sociedad-de-la-nieve-pablo-vierci\/","title":{"rendered":"La Sociedad de la Nieve &#8211; Pablo Vierci"},"content":{"rendered":"<div class=\"sinopsi-intro\">\n<h3>Sinopsis de La sociedad de la nieve<\/h3>\n<\/div>\n<div class=\"frase-mkt\">\n<h4>El relato de los sobrevivientes 50 a\u00f1os despu\u00e9s de la tragedia de los Andes.<\/h4>\n<p>El 13 de octubre de 1972 un avi\u00f3n de la Fuerza A\u00e9rea Uruguaya se estrell\u00f3 en la cordillera de los Andes. Iban a bordo cuarenta y cinco personas, diecis\u00e9is de las cuales fallecieron en el acto o pocas horas despu\u00e9s. Con alrededor de veinte a\u00f1os, a cuatro mil metros de altura y treinta grados bajo cero, sin abrigo ni comida, la relaci\u00f3n entre v\u00edctimas y sobrevivientes se invirti\u00f3 y solo regresaron con vida diecis\u00e9is. Pablo Vierci, compa\u00f1ero de colegio de los sobrevivientes y de muchos de los que murieron, recrea a trav\u00e9s de sus voces el mundo del que proven\u00edan, los momentos previos al accidente, la experiencia en la monta\u00f1a, la decisi\u00f3n de alimentarse de los cuerpos de sus compa\u00f1eros, la expedici\u00f3n en busca de ayuda, los d\u00edas posteriores al rescate y la vida que sigui\u00f3 a la tragedia. Trascendiendo la an\u00e9cdota, su texto compone un mosaico grandioso sobre el que se proyectan diecis\u00e9is cordilleras, as\u00ed como las historias truncas de los que no volvieron. Tras medio siglo madurando y aprendiendo las lecciones detr\u00e1s de la tragedia y la adversidad que vivieron, en un escenario desmesurado y solitario, perdidos en medio de la nada, abandonados por el mundo, quienes sobrevivieron lograron crear una sociedad diferente a todas las conocidas, marcada por un pacto de entrega mutua. Esta edici\u00f3n de La sociedad de la nieve incluye una nueva introducci\u00f3n del autor y un texto del cineasta J.A. Bayona, director de la versi\u00f3n cinematogr\u00e1fica en Netflix.<\/p>\n<\/div>\n<p>Autor: Pablo Vierci<br \/>\nEditorial: Planeta<br \/>\nFecha Publicaci\u00f3n: 2023<br \/>\nP\u00e1ginas: 432<br \/>\nIdioma: Castellano Occidental<br \/>\nTama\u00f1o: 15&#215;23 cm<br \/>\nPresentaci\u00f3n: R\u00fastica con solapas<br \/>\nISBN: 9789504979111<\/p>","protected":false},"excerpt":{"rendered":"<p>Esta edici\u00f3n de\u00a0<em>La sociedad de la nieve<\/em>\u00a0incluye una nueva introducci\u00f3n del autor Pablo Vierci y un texto del cineasta J.A. Bayona, director de la versi\u00f3n cinematogr\u00e1fica en Netflix.<\/p>","protected":false},"featured_media":91670,"comment_status":"closed","ping_status":"closed","template":"","meta":{"_acf_changed":false,"om_disable_all_campaigns":false,"_monsterinsights_skip_tracking":false,"_monsterinsights_sitenote_active":false,"_monsterinsights_sitenote_note":"","_monsterinsights_sitenote_category":0},"etheme_brands":[],"product_brand":[],"product_cat":[685],"product_tag":[755,10123,7997,10121,10122,10124,815,10120],"class_list":{"0":"post-91535","1":"product","2":"type-product","3":"status-publish","4":"has-post-thumbnail","6":"product_cat-libros","7":"product_tag-book","8":"product_tag-cordillera-de-los-andes","9":"product_tag-editorial","10":"product_tag-milagro-de-los-andes","11":"product_tag-netflix","12":"product_tag-pablo-vierci","13":"product_tag-planeta","14":"product_tag-tragedia-de-los-andes","16":"first","17":"instock","18":"taxable","19":"shipping-taxable","20":"purchasable","21":"product-type-simple"},"acf":[],"aioseo_notices":[],"_links":{"self":[{"href":"https:\/\/www.argensend.com\/en\/wp-json\/wp\/v2\/product\/91535","targetHints":{"allow":["GET"]}}],"collection":[{"href":"https:\/\/www.argensend.com\/en\/wp-json\/wp\/v2\/product"}],"about":[{"href":"https:\/\/www.argensend.com\/en\/wp-json\/wp\/v2\/types\/product"}],"replies":[{"embeddable":true,"href":"https:\/\/www.argensend.com\/en\/wp-json\/wp\/v2\/comments?post=91535"}],"version-history":[{"count":10,"href":"https:\/\/www.argensend.com\/en\/wp-json\/wp\/v2\/product\/91535\/revisions"}],"predecessor-version":[{"id":107265,"href":"https:\/\/www.argensend.com\/en\/wp-json\/wp\/v2\/product\/91535\/revisions\/107265"}],"wp:featuredmedia":[{"embeddable":true,"href":"https:\/\/www.argensend.com\/en\/wp-json\/wp\/v2\/media\/91670"}],"wp:attachment":[{"href":"https:\/\/www.argensend.com\/en\/wp-json\/wp\/v2\/media?parent=91535"}],"wp:term":[{"taxonomy":"brand","embeddable":true,"href":"https:\/\/www.argensend.com\/en\/wp-json\/wp\/v2\/etheme_brands?post=91535"},{"taxonomy":"product_brand","embeddable":true,"href":"https:\/\/www.argensend.com\/en\/wp-json\/wp\/v2\/product_brand?post=91535"},{"taxonomy":"product_cat","embeddable":true,"href":"https:\/\/www.argensend.com\/en\/wp-json\/wp\/v2\/product_cat?post=91535"},{"taxonomy":"product_tag","embeddable":true,"href":"https:\/\/www.argensend.com\/en\/wp-json\/wp\/v2\/product_tag?post=91535"}],"curies":[{"name":"wp","href":"https:\/\/api.w.org\/{rel}","templated":true}]}}